{"id":24690,"date":"2025-04-01T08:38:31","date_gmt":"2025-04-01T08:38:31","guid":{"rendered":"https:\/\/ssh.sawal.berlin\/?page_id=24690"},"modified":"2025-12-08T10:27:01","modified_gmt":"2025-12-08T10:27:01","slug":"jacqueline-kroehne","status":"publish","type":"page","link":"https:\/\/ssh.sawal.berlin\/en\/jacqueline-kroehne","title":{"rendered":"Jacqueline Kr\u00f6hne"},"content":{"rendered":"<div class=\"is-layout-flex wp-container-3 wp-block-columns\">\n<div class=\"is-layout-flow wp-block-column\" style=\"flex-basis:40%\">\n<figure class=\"wp-block-image size-large\"><img decoding=\"async\" loading=\"lazy\" width=\"683\" height=\"1024\" src=\"https:\/\/ssh.sawal.berlin\/wp-content\/uploads\/2025\/04\/theyesday-03507-683x1024.jpg\" alt=\"\" class=\"wp-image-24747\" srcset=\"https:\/\/ssh.sawal.berlin\/wp-content\/uploads\/2025\/04\/theyesday-03507-683x1024.jpg 683w, https:\/\/ssh.sawal.berlin\/wp-content\/uploads\/2025\/04\/theyesday-03507-200x300.jpg 200w, https:\/\/ssh.sawal.berlin\/wp-content\/uploads\/2025\/04\/theyesday-03507-768x1152.jpg 768w, https:\/\/ssh.sawal.berlin\/wp-content\/uploads\/2025\/04\/theyesday-03507-1024x1536.jpg 1024w, https:\/\/ssh.sawal.berlin\/wp-content\/uploads\/2025\/04\/theyesday-03507-1365x2048.jpg 1365w, https:\/\/ssh.sawal.berlin\/wp-content\/uploads\/2025\/04\/theyesday-03507-8x12.jpg 8w, https:\/\/ssh.sawal.berlin\/wp-content\/uploads\/2025\/04\/theyesday-03507-700x1050.jpg 700w, https:\/\/ssh.sawal.berlin\/wp-content\/uploads\/2025\/04\/theyesday-03507-scaled.jpg 1707w\" sizes=\"(max-width: 683px) 100vw, 683px\" \/><\/figure>\n<\/div>\n\n\n\n<div class=\"is-layout-flow wp-block-column\" style=\"flex-basis:60%\">\n<h1>Jacqueline Kr\u00f6hne<\/h1>\n\n\n\n<h1>Rechtsanw\u00e4ltin <\/h1>\n\n\n<div id=\"accordions-24693\" class=\"accordions-24693 accordions\">\r\n                <style type='text\/css'>\r\n        @media only screen and (min-width: 1024px) {\r\n            #accordions-24693 {\r\n                width: 100%;\r\n                            }\r\n        }\r\n\r\n        @media only screen and (min-width: 768px) and (max-width: 1023px) {\r\n            #accordions-24693 {\r\n                width: 100%;\r\n                            }\r\n        }\r\n\r\n        @media only screen and (min-width: 0px) and (max-width: 767px) {\r\n            #accordions-24693 {\r\n                width: 100%;\r\n                            }\r\n        }\r\n\r\n        #accordions-24693 {\r\n            text-align: left;\r\n            background: #ffffff url() repeat scroll 0 0;\r\n            padding: 20px;\r\n            position: relative;\r\n        }\r\n\r\n        #accordions-24693 .accordions-head {\r\n            background: #ffffff none repeat scroll 0 0;\r\n            margin: 20px;\r\n            padding: 10px;\r\n            outline: none;\r\n        }\r\n\r\n        #accordions-24693 .accordions-head-title {\r\n            color: #001d41;\r\n            font-size: 20px;\r\n                    }\r\n\r\n        #accordions-24693 .accordions-head-title-toggle {\r\n            color: #001d41;\r\n            font-size: 20px;\r\n                    }\r\n\r\n        #accordions-24693 .accordions-head:hover .accordions-head-title {\r\n            color: #001d41;\r\n                    }\r\n\r\n        #accordions-24693 .ui-state-active {\r\n            background: #dddad9;\r\n            border: none;\r\n        }\r\n\r\n        #accordions-24693 .accordion-content {\r\n            background: #ffffff none repeat scroll 0 0;\r\n            color: #001d41;\r\n            font-size: 14px;\r\n            margin: 20px;\r\n            padding: 20px;\r\n            border: none;\r\n        }\r\n\r\n        #accordions-24693 .accordion-icons {\r\n            color: #ffffff;\r\n                    }\r\n\r\n        #accordions-24693 .accordions-head:hover .accordion-icons span {\r\n            color: #ffffff;\r\n                    }\r\n\r\n            <\/style>\r\n<div class=\"items\">\r\n                        <div post_id=\"24693\" itemcount=\"0\"  header_id=\"header-1627022765827\" id=\"header-1627022765827\" style=\"\" class=\"accordions-head head1627022765827 border-none\" toggle-text=\"\" main-text=\"Vita\">\r\n                                            <span id=\"accordion-icons-1627022765827\" class=\"accordion-icons\">\r\n                            <span class=\"accordion-icon-active accordion-plus\"><i class=\"fa none\"><\/i><\/span>\r\n                            <span class=\"accordion-icon-inactive accordion-minus\"><i class=\"fa none\"><\/i><\/span>\r\n                        <\/span>\r\n                        <span id=\"header-text-1627022765827\" class=\"accordions-head-title\">Vita<\/span>\r\n                                    <\/div>\r\n                <div class=\"accordion-content content1627022765827\">\r\n                    <ul>\n<li>1996 - 2000 Studium der Rechtswissenschaften an der Universit\u00e4t Potsdam<\/li>\n<li>2001 - 2004 Referendariat am Landgericht Neuruppin<\/li>\n<li>seit 2005 Rechtsanw\u00e4ltin in Berlin<\/li>\n<li>seit 2008 Fachanw\u00e4ltin f\u00fcr Familienrecht<\/li>\n<li>2015 Ausbildung zur Mediatorin<\/li>\n<li>seit 2023 Rechtsanw\u00e4ltin bei SAWAL SCH\u00dcLLER HANKE<\/li>\n<\/ul>\n                <\/div>\r\n                        <div post_id=\"24693\" itemcount=\"1\"  header_id=\"header-1580748428687\" id=\"header-1580748428687\" style=\"\" class=\"accordions-head head1580748428687 border-none\" toggle-text=\"\" main-text=\"Rechtsgebiete\">\r\n                                            <span id=\"accordion-icons-1580748428687\" class=\"accordion-icons\">\r\n                            <span class=\"accordion-icon-active accordion-plus\"><i class=\"fa none\"><\/i><\/span>\r\n                            <span class=\"accordion-icon-inactive accordion-minus\"><i class=\"fa none\"><\/i><\/span>\r\n                        <\/span>\r\n                        <span id=\"header-text-1580748428687\" class=\"accordions-head-title\">Areas<\/span>\r\n                                    <\/div>\r\n                <div class=\"accordion-content content1580748428687\">\r\n                    <p class=\"p1\">Frau Kr\u00f6hne arbeitet mit einem Schwerpunkt im Familienrecht. Sie verf\u00fcgt \u00fcber langj\u00e4hrige Erfahrung im Familienrecht und hat zahlreiche Verfahren sowohl au\u00dfergerichtlich als auch gerichtlich begleitet und vertreten.<\/p>\n                <\/div>\r\n                        <div post_id=\"24693\" itemcount=\"2\"  header_id=\"header-1580748463960\" id=\"header-1580748463960\" style=\"\" class=\"accordions-head head1580748463960 border-none\" toggle-text=\"\" main-text=\"Mitgliedschaften\">\r\n                                            <span id=\"accordion-icons-1580748463960\" class=\"accordion-icons\">\r\n                            <span class=\"accordion-icon-active accordion-plus\"><i class=\"fa none\"><\/i><\/span>\r\n                            <span class=\"accordion-icon-inactive accordion-minus\"><i class=\"fa none\"><\/i><\/span>\r\n                        <\/span>\r\n                        <span id=\"header-text-1580748463960\" class=\"accordions-head-title\">Memberships<\/span>\r\n                                    <\/div>\r\n                <div class=\"accordion-content content1580748463960\">\r\n                    <ul class=\"ul1\">\n<li class=\"li1\"><span class=\"s2\">Rechtsanwaltskammer Berlin<\/span><\/li>\n<li class=\"li1\"><span class=\"s2\">Deutscher Anwaltverein e.V.<\/span><\/li>\n<li class=\"li1\"><span class=\"s2\">Arbeitsgemeinschaft Familienrecht im Deutschen Anwaltverein<\/span><\/li>\n<li class=\"li1\"><span class=\"s2\">Berliner Anwaltverein e.V.<\/span><\/li>\n<li class=\"li1\"><span class=\"s2\">Arbeitskreis Pankow am Familiengericht Pankow<\/span><\/li>\n<li class=\"li1\"><span class=\"s2\">Unternehmernetzwerk Berlin\n<p><\/span><\/li>\n<\/ul>\n                <\/div>\r\n            <\/div>\r\n    <script>\r\n        (function($) {\r\n\r\n            $(document).ready(function() {\r\n                accordions_active_index_24693 = [];\r\n                        })\r\n        })(jQuery);\r\n    <\/script>    <script>\r\n        (function($) {\r\n            $(document).ready(function() {\r\n                accordion_24693 = $(\"#accordions-24693 .items\").accordion({\r\n                    event: \"click\",\r\n                    collapsible: true,\r\n                    heightStyle: \"content\",\r\n                    animate: (\"swing\", 1000),\r\n                    navigation: true,\r\n                    active: 999,\r\n                                            beforeActivate: function(event, ui) {\r\n                            if (ui.newHeader[0] != undefined) {\r\n                                var disabled = ui.newHeader[0].getAttribute('disabled');\r\n                                console.log(disabled);\r\n                                if (disabled == 'disabled') {\r\n                                    event.preventDefault();\r\n                                }\r\n                            }\r\n                        },\r\n                                    });\r\n            })\r\n        })(jQuery);\r\n    <\/script>\r\n                <\/div>\n<\/div>\n<\/div>\n\n\n\n<p><\/p>","protected":false},"excerpt":{"rendered":"<p>Jacqueline Kr\u00f6hne Rechtsanw\u00e4ltin<\/p>","protected":false},"author":1,"featured_media":0,"parent":0,"menu_order":0,"comment_status":"closed","ping_status":"closed","template":"","meta":[],"_links":{"self":[{"href":"https:\/\/ssh.sawal.berlin\/en\/wp-json\/wp\/v2\/pages\/24690"}],"collection":[{"href":"https:\/\/ssh.sawal.berlin\/en\/wp-json\/wp\/v2\/pages"}],"about":[{"href":"https:\/\/ssh.sawal.berlin\/en\/wp-json\/wp\/v2\/types\/page"}],"author":[{"embeddable":true,"href":"https:\/\/ssh.sawal.berlin\/en\/wp-json\/wp\/v2\/users\/1"}],"replies":[{"embeddable":true,"href":"https:\/\/ssh.sawal.berlin\/en\/wp-json\/wp\/v2\/comments?post=24690"}],"version-history":[{"count":3,"href":"https:\/\/ssh.sawal.berlin\/en\/wp-json\/wp\/v2\/pages\/24690\/revisions"}],"predecessor-version":[{"id":24749,"href":"https:\/\/ssh.sawal.berlin\/en\/wp-json\/wp\/v2\/pages\/24690\/revisions\/24749"}],"wp:attachment":[{"href":"https:\/\/ssh.sawal.berlin\/en\/wp-json\/wp\/v2\/media?parent=24690"}],"curies":[{"name":"wp","href":"https:\/\/api.w.org\/{rel}","templated":true}]}}